{"id":112,"date":"2022-02-06T18:45:17","date_gmt":"2022-02-06T18:45:17","guid":{"rendered":"https:\/\/waldonline.eu\/?page_id=112"},"modified":"2023-07-15T09:48:13","modified_gmt":"2023-07-15T09:48:13","slug":"flutkatastrophe-14-07-2021","status":"publish","type":"page","link":"https:\/\/waldonline.eu\/?page_id=112","title":{"rendered":"Flutkatastrophe Eschweiler-Bergrath 14.07.2021"},"content":{"rendered":"\n<p class=\"has-text-align-center\"><strong>Die Suche nach Ursachen und der Versuch einer Rekonstruktion<\/strong><\/p>\n\n\n\n<blockquote class=\"wp-block-quote is-layout-flow wp-block-quote-is-layout-flow\">\n<p>Es geht mir nicht darum, vermeintlich Schuldige zu finden, sondern um Aufkl\u00e4rung des Geschehens!<\/p>\n\n\n\n<p><\/p>\n<\/blockquote>\n\n\n\n<p class=\"has-drop-cap\">Das Hochwasser vom 14.07.2021 hat im Eschweiler-S\u00fcden, vor allem die Vogesenstra\u00dfe \u00fcberflutet und nicht unerheblichen schweren Sachschaden angerichtet. Dieses Hochwasser muss isoliert vom Hochwasser der Inde betrachtet werden, das einige Stunden sp\u00e4ter gro\u00dfe Teile der Eschweiler Innenstadt und die Bereiche Eschweiler-West und Aue  unter Wasser setzte und schwer verw\u00fcstete.<\/p>\n\n\n\n<p>Das Hochwasser in Eschweiler Bergrath fand bis heute keine mediale Aufarbeitung und Beachtung.  Die folgenden Ausf\u00fchrungen rekonstruieren aus meiner Sicht den Ablauf des Geschehens im Bereich Eschweiler S\u00fcd.<\/p>\n\n\n\n<p>Da mir bis zum heutigen Tag (06.02.2022) keine Unterlagen der Stadt Eschweiler und des Wasserverband-Eifel-Rur (WVER) zug\u00e4nglich gemacht wurden, st\u00fctzt sich die folgende Rekonstruktion auf Aussagen von Anwohnern und eigenen Beobachtungen.<\/p>\n\n\n\n<p class=\"has-drop-cap\">Am Mittwoch, 14.07.2021, gegen 23:30 Uhr wurden die Anwohner von einer schlagartig einsetzenden Flutwelle \u00fcberrascht. Diese Welle brach ohne Vorwarnung herein, nachdem die Regenf\u00e4lle bereits einige Stunden vorher aufgeh\u00f6rt hatten.&nbsp; Ein Fahrzeugf\u00fchrer, der die Vogesenstra\u00dfe befuhr, konnte sich nur durch fu\u00dfl\u00e4ufige Flucht in Sicherheit bringen, bevor sein Fahrzeug ein Raub der Flut wurde.<\/p>\n\n\n<div class=\"wp-block-image is-style-rounded\">\n<figure class=\"aligncenter size-large is-resized\"><img loading=\"lazy\" decoding=\"async\" src=\"https:\/\/waldonline.eu\/wp-content\/uploads\/2022\/02\/PXL_20210714_215140087-1024x768.jpg\" alt=\"\" class=\"wp-image-113\" width=\"512\" height=\"384\" srcset=\"https:\/\/waldonline.eu\/wp-content\/uploads\/2022\/02\/PXL_20210714_215140087-1024x768.jpg 1024w, https:\/\/waldonline.eu\/wp-content\/uploads\/2022\/02\/PXL_20210714_215140087-300x225.jpg 300w, https:\/\/waldonline.eu\/wp-content\/uploads\/2022\/02\/PXL_20210714_215140087-768x576.jpg 768w, https:\/\/waldonline.eu\/wp-content\/uploads\/2022\/02\/PXL_20210714_215140087-1536x1152.jpg 1536w, https:\/\/waldonline.eu\/wp-content\/uploads\/2022\/02\/PXL_20210714_215140087-2048x1536.jpg 2048w, https:\/\/waldonline.eu\/wp-content\/uploads\/2022\/02\/PXL_20210714_215140087-1200x900.jpg 1200w\" sizes=\"auto, (max-width: 512px) 100vw, 512px\" \/><figcaption class=\"wp-element-caption\">Ein Wendehammer, der zum See mutiert<\/figcaption><\/figure><\/div>\n\n\n<p>Wie eine Springflut ergoss sich der Omerbach in die Stra\u00dfe, staute sich im r\u00fcckw\u00e4rtigen Wendehammer auf, setzte Garagen und Kellergeschosse unter Wasser und floss \u00fcber r\u00fcckw\u00e4rtige Grundst\u00fccke in das alte Bachbett in Richtung Nothberg ab.<\/p>\n\n\n\n<p>S\u00e4mtliche Keller der Vogesenstra\u00dfe wurden bis zu den Geschossdecken geflutet. Es kam hier zu nicht unerheblichen Geb\u00e4udesch\u00e4den.<\/p>\n\n\n<div class=\"wp-block-image is-style-rounded\">\n<figure class=\"aligncenter size-large is-resized\"><img loading=\"lazy\" decoding=\"async\" src=\"https:\/\/waldonline.eu\/wp-content\/uploads\/2022\/02\/PXL_20210714_215148821-1024x768.jpg\" alt=\"\" class=\"wp-image-114\" width=\"512\" height=\"384\" srcset=\"https:\/\/waldonline.eu\/wp-content\/uploads\/2022\/02\/PXL_20210714_215148821-1024x768.jpg 1024w, https:\/\/waldonline.eu\/wp-content\/uploads\/2022\/02\/PXL_20210714_215148821-300x225.jpg 300w, https:\/\/waldonline.eu\/wp-content\/uploads\/2022\/02\/PXL_20210714_215148821-768x576.jpg 768w, https:\/\/waldonline.eu\/wp-content\/uploads\/2022\/02\/PXL_20210714_215148821-1536x1152.jpg 1536w, https:\/\/waldonline.eu\/wp-content\/uploads\/2022\/02\/PXL_20210714_215148821-2048x1536.jpg 2048w, https:\/\/waldonline.eu\/wp-content\/uploads\/2022\/02\/PXL_20210714_215148821-1200x900.jpg 1200w\" sizes=\"auto, (max-width: 512px) 100vw, 512px\" \/><figcaption class=\"wp-element-caption\">Ein rei\u00dfender Fluss, der gro\u00dfe Sch\u00e4den anrichtet<\/figcaption><\/figure><\/div>\n\n\n<p><\/p>\n\n\n\n<p>Mehrere PKW wurden irreparabel besch\u00e4digt. Mein Motorrad wurde in der Garage unter Wasser gesetzt und erlitt ebenfalls einen Totalschaden. Ein Wohnwagen der Nachbarn wurde von der Flut mitgerissen und zerst\u00f6rt.<\/p>\n\n\n\n<p>Noch w\u00e4hrend der andauernden Flut schlug ich mich zu Fu\u00df \u00fcber r\u00fcckw\u00e4rtiges Gel\u00e4nde zum o.a. R\u00fcckhaltebecken durch. Auf der Mauerkrone konnte ich unter Licht laufende Arbeiten erkennen. Allerdings stellte ich auch fest, dass ein Gro\u00dfteil der Wassermassen links am Becken vorbeiflossen.<\/p>\n\n\n<div class=\"wp-block-image is-style-rounded\">\n<figure class=\"aligncenter size-large is-resized\"><img loading=\"lazy\" decoding=\"async\" src=\"https:\/\/waldonline.eu\/wp-content\/uploads\/2022\/02\/PXL_20210714_225603997-1-1024x768.jpg\" alt=\"\" class=\"wp-image-148\" width=\"512\" height=\"384\" srcset=\"https:\/\/waldonline.eu\/wp-content\/uploads\/2022\/02\/PXL_20210714_225603997-1-1024x768.jpg 1024w, https:\/\/waldonline.eu\/wp-content\/uploads\/2022\/02\/PXL_20210714_225603997-1-300x225.jpg 300w, https:\/\/waldonline.eu\/wp-content\/uploads\/2022\/02\/PXL_20210714_225603997-1-768x576.jpg 768w, https:\/\/waldonline.eu\/wp-content\/uploads\/2022\/02\/PXL_20210714_225603997-1-1536x1152.jpg 1536w, https:\/\/waldonline.eu\/wp-content\/uploads\/2022\/02\/PXL_20210714_225603997-1-2048x1536.jpg 2048w, https:\/\/waldonline.eu\/wp-content\/uploads\/2022\/02\/PXL_20210714_225603997-1-1200x900.jpg 1200w\" sizes=\"auto, (max-width: 512px) 100vw, 512px\" \/><figcaption class=\"wp-element-caption\">Arbeiten, die laut WVER so nicht stattgefunden haben.<\/figcaption><\/figure><\/div>\n\n\n<p class=\"has-drop-cap\">Am Abend des 14.07.2021 noch hatte ich mich mit weiteren  Anwohnern von der Stauh\u00f6he des in der N\u00e4he befindlichen Regenr\u00fcckhaltebeckens \u00fcberzeugt. Es entstand der Eindruck, dass das Becken schon mit einer gro\u00dfen Menge Wasser gef\u00fcllt war, aber im Vergleich zu bereits erlebten Stausituationen erschien der F\u00fcllstand nicht dramatisch. Ein Mitarbeiter des WVER wachte, mit Regenschirm bewaffnet, auf der Dammkrone \u00fcber den Wasserstand.<\/p>\n\n\n<div class=\"wp-block-image is-style-rounded\">\n<figure class=\"aligncenter size-large is-resized\"><img loading=\"lazy\" decoding=\"async\" src=\"https:\/\/waldonline.eu\/wp-content\/uploads\/2022\/02\/PXL_20210714_174115483-1024x768.jpg\" alt=\"\" class=\"wp-image-115\" width=\"512\" height=\"384\" srcset=\"https:\/\/waldonline.eu\/wp-content\/uploads\/2022\/02\/PXL_20210714_174115483-1024x768.jpg 1024w, https:\/\/waldonline.eu\/wp-content\/uploads\/2022\/02\/PXL_20210714_174115483-300x225.jpg 300w, https:\/\/waldonline.eu\/wp-content\/uploads\/2022\/02\/PXL_20210714_174115483-768x576.jpg 768w, https:\/\/waldonline.eu\/wp-content\/uploads\/2022\/02\/PXL_20210714_174115483-1536x1152.jpg 1536w, https:\/\/waldonline.eu\/wp-content\/uploads\/2022\/02\/PXL_20210714_174115483-2048x1536.jpg 2048w, https:\/\/waldonline.eu\/wp-content\/uploads\/2022\/02\/PXL_20210714_174115483-1200x900.jpg 1200w\" sizes=\"auto, (max-width: 512px) 100vw, 512px\" \/><figcaption class=\"wp-element-caption\">Stauh\u00f6he gegen 20:00 Uhr<\/figcaption><\/figure><\/div>\n\n\n<p>Im Nachgang der Ereignisse wussten aber Anwohner des Herrenfeldchens, der Taunusstra\u00dfe und der Vogesenstra\u00dfe von Feuerwehraktionen im Bereich der Gressenicher M\u00fchle am Nachmittag und Abend des 14. Juli 2021 zu berichten.<\/p>\n\n\n\n<p>Bei den R\u00e4umungsarbeiten fiel auf, dass sich in einem Gartenteich der Stra\u00dfe ein Karpfen\u00e4hnlicher Fisch wiederfand.<\/p>\n\n\n\n<p><strong>Begehung Omerbach am 17.07.2021:<\/strong><\/p>\n\n\n\n<p>Einem Anfangsverdacht folgend beging ich den Bachlauf des Omerbachs am 17.07.2021, um hier eine Kl\u00e4rung hinsichtlich einer m\u00f6glichen Fehlfunktion des Regenr\u00fcckhaltebeckens Eifelstra\u00dfe zu erhalten.<\/p>\n\n\n\n<p><strong>Dabei wurde Folgendes festgestellt:<\/strong><\/p>\n\n\n\n<p>Das Hauptbecken erschien zu meiner Verwunderung v\u00f6llig unversehrt.<\/p>\n\n\n\n<p>Die als Nachbesserung des Beckens vor einigen Jahren erfolgte Eindeichung der Einleitung des Bachlaufs in das Regenr\u00fcckhaltebecken allerdings war nicht mehr existent und die zur Befestigung dienenden Ger\u00f6llsteine waren weggerissen. <\/p>\n\n\n<div class=\"wp-block-image is-style-rounded\">\n<figure class=\"aligncenter size-large is-resized\"><img loading=\"lazy\" decoding=\"async\" src=\"https:\/\/waldonline.eu\/wp-content\/uploads\/2022\/02\/PXL_20210717_073442075.MP_-1024x768.jpg\" alt=\"\" class=\"wp-image-116\" width=\"512\" height=\"384\" srcset=\"https:\/\/waldonline.eu\/wp-content\/uploads\/2022\/02\/PXL_20210717_073442075.MP_-1024x768.jpg 1024w, https:\/\/waldonline.eu\/wp-content\/uploads\/2022\/02\/PXL_20210717_073442075.MP_-300x225.jpg 300w, https:\/\/waldonline.eu\/wp-content\/uploads\/2022\/02\/PXL_20210717_073442075.MP_-768x576.jpg 768w, https:\/\/waldonline.eu\/wp-content\/uploads\/2022\/02\/PXL_20210717_073442075.MP_-1536x1152.jpg 1536w, https:\/\/waldonline.eu\/wp-content\/uploads\/2022\/02\/PXL_20210717_073442075.MP_-2048x1536.jpg 2048w, https:\/\/waldonline.eu\/wp-content\/uploads\/2022\/02\/PXL_20210717_073442075.MP_-1200x900.jpg 1200w\" sizes=\"auto, (max-width: 512px) 100vw, 512px\" \/><figcaption class=\"wp-element-caption\">Nicht mehr existenter Einlaufdamm<\/figcaption><\/figure><\/div>\n\n\n<p>Im weiteren Bachverlauf konnten Besch\u00e4digungen der teilweise befestigten Uferb\u00f6schungen und Untersp\u00fclungen festgestellt werden.<\/p>\n\n\n\n<p>Als urs\u00e4chlich stellte sich m.E. der Umstand dar, dass einer der beiden Angelteiche an der Gressenicher M\u00fchle zum Omerbach hin aufbrach und sich schlagartig in diesen entleerte, was offenbar zur Flutwelle und zum Bruch des o.a. Einleitungsbereichs ins R\u00fcckhaltebecken f\u00fchrte. Die Flutwelle des Omerbach floss daher an dem Becken vorbei, \u00fcberflutete die Eifelstra\u00dfe und die niedriger liegende angrenzende Vogesenstra\u00dfe. Der o.a.Teich ist der hintere der beiden gro\u00dfen Angelteiche an der historischen M\u00fchle. Diese sind nur durch einen schmalen Damm vom Omerbach getrennt.&nbsp;&nbsp; Die&nbsp;&nbsp; F\u00fcllh\u00f6he der Teiche war aber wesentlich h\u00f6her als das benachbarte Bachbett. Im Bereich des o.a. Bruchs war dieser Damm vom Omerbach weggesp\u00fclt worden, sodass der Teich gro\u00dffl\u00e4chig&nbsp;&nbsp; durchbrach. Dieser Durchbruch war wohl erwartet worden. Denn bei Begehung konnten in diesem Bereich im&nbsp;Bruch Sands\u00e4cke festgestellt werden. Dabei handelte es sich um die \u00fcbliche Ware des KAT-Schutz (der Feuerwehr Eschweiler?)<\/p>\n\n\n<div class=\"wp-block-image is-style-rounded\">\n<figure class=\"aligncenter size-large is-resized\"><img loading=\"lazy\" decoding=\"async\" src=\"https:\/\/waldonline.eu\/wp-content\/uploads\/2022\/02\/PXL_20210719_171019238-768x1024.jpg\" alt=\"\" class=\"wp-image-117\" width=\"384\" height=\"512\" srcset=\"https:\/\/waldonline.eu\/wp-content\/uploads\/2022\/02\/PXL_20210719_171019238-768x1024.jpg 768w, https:\/\/waldonline.eu\/wp-content\/uploads\/2022\/02\/PXL_20210719_171019238-225x300.jpg 225w, https:\/\/waldonline.eu\/wp-content\/uploads\/2022\/02\/PXL_20210719_171019238-1152x1536.jpg 1152w, https:\/\/waldonline.eu\/wp-content\/uploads\/2022\/02\/PXL_20210719_171019238-1536x2048.jpg 1536w, https:\/\/waldonline.eu\/wp-content\/uploads\/2022\/02\/PXL_20210719_171019238-1200x1600.jpg 1200w, https:\/\/waldonline.eu\/wp-content\/uploads\/2022\/02\/PXL_20210719_171019238-scaled.jpg 1920w\" sizes=\"auto, (max-width: 384px) 100vw, 384px\" \/><figcaption class=\"wp-element-caption\">Bruch der Fischteicheindeichung; noch zu erkennende Einbringung von Sands\u00e4cken.<\/figcaption><\/figure><\/div>\n\n\n<p>Bei einer Begehung am 28.07.2021 mit dem Vertreter des CDU-Ortsverbands Eschweiler S\u00fcd, Herrn Frings, konnte festgestellt werden, dass im Bereich des R\u00fcckhaltebeckenzuflusses Sicherungsma\u00dfnahmen anliefen.<\/p>\n\n\n\n<p>Innerhalb weniger Wochen setzte der WVER beide Bruchstellen wieder instand. Es wurden auch Verbesserungen am Zwangs\u00fcberlauf des Fischteichs vorgenommen. <\/p>\n\n\n\n<p>Mehreren Anfragen zum Einsatzablauf in der Flutnacht im Bereich Eschweiler S\u00fcd kam die Stadt Eschweiler nicht nach, lie\u00df immer wieder Fristen verstreichen, um dann meine Anfragen an ein weiteres Amt weiterzuleiten.<\/p>\n\n\n\n<p>Erst Ende Dezember 2021 sicherte die Rechtsabteilung der Stadt Eschweiler mir die M\u00f6glichkeit einer Einsichtnahme der Einsatzdokumentation zu. Diesen Termin werde ich in B\u00e4lde in Begleitung eines Zeugen wahrnehmen.<\/p>\n\n\n\n<p>Das geschilderte Verhalten der Stadtverwaltung suggeriert dem Adressaten, dass bei der Stadtverwaltung kein Interesse an einer Aufarbeitung des Vorfalls besteht. Den Namen des Teichbesitzers (Zustandshafter) will bzw. kann man nicht herausgeben. Ein bisschen Polemik darf erlaubt sein: <strong><em>Wird hier jemand gedeckt, der &#8222;unterversichert ist&#8220; oder gibt es hier andere &#8222;Gef\u00e4lligkeiten&#8220;?<\/em><\/strong><\/p>\n\n\n<div class=\"wp-block-image is-style-rounded\">\n<figure class=\"aligncenter size-large is-resized\"><img loading=\"lazy\" decoding=\"async\" src=\"https:\/\/waldonline.eu\/wp-content\/uploads\/2022\/02\/PXL_20210804_152623631-768x1024.jpg\" alt=\"\" class=\"wp-image-118\" width=\"384\" height=\"512\" srcset=\"https:\/\/waldonline.eu\/wp-content\/uploads\/2022\/02\/PXL_20210804_152623631-768x1024.jpg 768w, https:\/\/waldonline.eu\/wp-content\/uploads\/2022\/02\/PXL_20210804_152623631-225x300.jpg 225w, https:\/\/waldonline.eu\/wp-content\/uploads\/2022\/02\/PXL_20210804_152623631-1152x1536.jpg 1152w, https:\/\/waldonline.eu\/wp-content\/uploads\/2022\/02\/PXL_20210804_152623631-1536x2048.jpg 1536w, https:\/\/waldonline.eu\/wp-content\/uploads\/2022\/02\/PXL_20210804_152623631-1200x1600.jpg 1200w, https:\/\/waldonline.eu\/wp-content\/uploads\/2022\/02\/PXL_20210804_152623631-scaled.jpg 1920w\" sizes=\"auto, (max-width: 384px) 100vw, 384px\" \/><figcaption class=\"wp-element-caption\">Wiederherstellung des Einlaufdeichs, am 28.07.2021<\/figcaption><\/figure><\/div>\n\n\n<p>In den sogenannten sozialen Medien  h\u00e4lt sich hartn\u00e4ckig das Ger\u00fccht, dass die R\u00fcckhaltebecken des Omerbachs gleichzeitig ge\u00f6ffnet wurden, weil der Druck zu hoch war und die \u00dcberflutung der Vogesenstra\u00dfe bewusst in Kauf genommen wurde. <\/p>\n\n\n<div class=\"wp-block-image\">\n<figure class=\"aligncenter size-full\"><img loading=\"lazy\" decoding=\"async\" width=\"510\" height=\"112\" src=\"https:\/\/waldonline.eu\/wp-content\/uploads\/2022\/02\/fb-eintrag_LI.jpg\" alt=\"\" class=\"wp-image-136\" srcset=\"https:\/\/waldonline.eu\/wp-content\/uploads\/2022\/02\/fb-eintrag_LI.jpg 510w, https:\/\/waldonline.eu\/wp-content\/uploads\/2022\/02\/fb-eintrag_LI-300x66.jpg 300w\" sizes=\"auto, (max-width: 510px) 100vw, 510px\" \/><figcaption class=\"wp-element-caption\">Auszug Facebook<\/figcaption><\/figure><\/div>\n\n\n<p>Dies w\u00e4re nat\u00fcrlich f\u00fcr die Einfassung des Angelgew\u00e4ssers eine fatale Entscheidung gewesen.<\/p>\n\n\n\n<p>Der WVER reagierte ebenfalls erst mit Verz\u00f6gerung auf meine Anfragen. Der Verband bestritt, dass Schieber der Becken ge\u00f6ffnet wurden und Mitarbeiter des WVER in der Nacht vor Ort waren. Auch hier will man nicht wissen, wer Besitzer des Teichs ist, obgleich man an diesem teure und umfangreiche Reparaturen durchf\u00fchren lie\u00df.<\/p>\n\n\n\n<p>Bis zu heutigen Tag  wurde von offizieller Seite keine Kl\u00e4rung der Flutumst\u00e4nde erbracht. Die Frage, warum die Anwohner nicht gewarnt wurden, konnte oder wollte niemand beantworten.<\/p>\n\n\n\n<p>Ich habe versucht, dem  Landtagsabgeordneten K\u00e4mmerling (dem Obmann der SPD-Opposition im parlamentarischen Untersuchungsausschuss), der einen Infostand der \u00f6rtlichen SPD an der Vogesenstra\u00dfe am 05.02.2021 aufsuchte, meine Sicht der Dinge zu erl\u00e4utern.  Ein Mappe mit Kopien der fruchtlosen Korrespondenz mit der Stadt Eschweiler und den WVER wurde den zust\u00e4ndigen Stadtverordneten, Herrn Roth, \u00fcbergeben. Ich hatte aber den Eindruck, dass einige der an dem &#8222;Infostand&#8220; anwesenden SPD-Genossen grunds\u00e4tzlich ein Verschleppen von Anfragen durch Mitarbeiter der Stadtverwaltung kategorisch ausschlie\u00dfen, bzw. sich dies nicht vorstellen k\u00f6nnen.<\/p>\n\n\n\n<blockquote class=\"wp-block-quote is-layout-flow wp-block-quote-is-layout-flow\">\n<p>Die B\u00fcrgermeisterin hat sich bis heute noch nicht in der Vogesenstra\u00dfe blicken lassen!<\/p>\n<\/blockquote>\n\n\n<div class=\"wp-block-image\">\n<figure class=\"aligncenter size-large\"><img loading=\"lazy\" decoding=\"async\" width=\"724\" height=\"1024\" src=\"https:\/\/waldonline.eu\/wp-content\/uploads\/2022\/02\/uebersicht-724x1024.jpg\" alt=\"\" class=\"wp-image-119\" srcset=\"https:\/\/waldonline.eu\/wp-content\/uploads\/2022\/02\/uebersicht-724x1024.jpg 724w, https:\/\/waldonline.eu\/wp-content\/uploads\/2022\/02\/uebersicht-212x300.jpg 212w, https:\/\/waldonline.eu\/wp-content\/uploads\/2022\/02\/uebersicht-768x1086.jpg 768w, https:\/\/waldonline.eu\/wp-content\/uploads\/2022\/02\/uebersicht-1086x1536.jpg 1086w, https:\/\/waldonline.eu\/wp-content\/uploads\/2022\/02\/uebersicht-1200x1697.jpg 1200w, https:\/\/waldonline.eu\/wp-content\/uploads\/2022\/02\/uebersicht.jpg 1240w\" sizes=\"auto, (max-width: 724px) 100vw, 724px\" \/><figcaption class=\"wp-element-caption\">\u00dcbersichtskarte<\/figcaption><\/figure><\/div>\n\n\n<p class=\"has-drop-cap\">Um zuk\u00fcnftig einen besseren Schutz vor einer erneuten \u00dcberflutung zu gew\u00e4hrleisten, sollte  der Zulaufbereich des Regenr\u00fcckhaltebeckens unter Verzicht von landwirtschaftliche Nutzfl\u00e4chen  so gestaltet werden, dass ein Hochwasser f\u00fchrender Omerbach mit Ver\u00e4stelungen und Verlandungsm\u00f6glichkeiten verlangsamt in das Becken einflie\u00dfen kann. Die jetzige nahezu rechtwinklige Einleitung hat sich nach Ansicht des Unterzeichners als fatal und ungeeignet erwiesen. <\/p>\n\n\n\n<p>Auch sollte der Omerbach weitfl\u00e4chig an den Angelteichen vorbeigeleitet werden, oder durch die Becken durchgeleitet werden, die dann als zus\u00e4tzliche R\u00fcckhaltestufen eingesetzt werden k\u00f6nnen.<\/p>\n\n\n\n<blockquote class=\"wp-block-quote is-layout-flow wp-block-quote-is-layout-flow\">\n<p>Die Intransparenz der Stadtverwaltung Eschweiler und des WVER animieren mich, meine Ermittlungen weiter voranzutreiben!<\/p>\n<\/blockquote>\n\n\n\n<p>Ich bef\u00fcrchte aber, dass ohne Unterst\u00fctzung eines Rechtsanwalts hier keine f\u00fcr die Anwohner befriedigende Kl\u00e4rung erreicht werden kann.<\/p>\n\n\n\n<p class=\"has-drop-cap\"><strong>\u00dcbersendung von Unterlagen<\/strong> <strong>Nachgang\/ Update<\/strong> <strong>21.02.2022<\/strong><\/p>\n\n\n\n<p>Der Landtagsabgeordnete K\u00e4mmerling (SPD) bat am 15.02.2022 um \u00dcbersendung einer elektronischen Kopie der Unterlagen, die ich an den SPD-Ratsherren Roth ausgeh\u00e4ndigt hatte. Diesem Wunsch kam ich gerne am 16.02.2022 nach. <\/p>\n\n\n\n<p>Am 17.02.2022 entsprach ich auch dem Wunsch des CDU-Landtagsabgeordneten Axel Wirtz, der das &#8222;Dossier&#8220; zwecks Vorbereitung von Gespr\u00e4chen mit dem Wasserverband, ebenfalls anforderte.<\/p>\n\n\n\n<p>Insgeheim hege ich die Hoffnung, dass die durch die Medien kolportierten Unstimmigkeiten der B\u00fcrgermeister von Stolberg und Eschweiler (Haas\/Leonhardt) etwas Bewegung in die Aufkl\u00e4rung des Sachverhalts bringen und die Mauer des Schweigens durchbrochen wird.<\/p>\n\n\n\n<p>Mit Mail  bat ich den Stadtbrandmeister um einen Termin zum Zweck der Sichtung der Einsatztageb\u00fccher.<\/p>\n\n\n<div class=\"wp-block-image is-style-rounded\">\n<figure class=\"aligncenter size-full is-resized\"><img loading=\"lazy\" decoding=\"async\" src=\"https:\/\/waldonline.eu\/wp-content\/uploads\/2022\/02\/terminsuche.jpg\" alt=\"\" class=\"wp-image-154\" width=\"644\" height=\"417\" srcset=\"https:\/\/waldonline.eu\/wp-content\/uploads\/2022\/02\/terminsuche.jpg 858w, https:\/\/waldonline.eu\/wp-content\/uploads\/2022\/02\/terminsuche-300x194.jpg 300w, https:\/\/waldonline.eu\/wp-content\/uploads\/2022\/02\/terminsuche-768x498.jpg 768w\" sizes=\"auto, (max-width: 644px) 100vw, 644px\" \/><figcaption class=\"wp-element-caption\">Terminwunsch<\/figcaption><\/figure><\/div>\n\n\n<p class=\"has-drop-cap\"><strong>Strafanzeige?<\/strong> <strong>Nachgang\/ Update, 09.03.2022<\/strong><\/p>\n\n\n\n<p>Die Einsatzprotokolle kann ich nun am 10.03.2022 bei der Feuer-\/Rettungswache einsehen. Ebenfalls am 10.03.2022 findet ein Ortstermin mit Herrn R\u00f6chter von der Lokalredaktion Eschweiler\/Stolberg der AZ\/AN statt. Hier hoffe ich auf eine positive Berichterstattung durch die Lokalzeitung.<\/p>\n\n\n\n<p>Vom Landtagsabgeordneten K\u00e4mmerling wurde ich vor einigen Tagen gefragt, ob bereits eine Strafanzeige zum Vorfall vorliegt. Dies musste ich verneinen, denke mir aber, dass eine Ermittlung der Staatsanwaltschaft mehr Aussicht auf Kl\u00e4rung hat, als die von mir betriebenen Ermittlungen und Nachforschungen. Als Tatbestand k\u00f6nnte nach W\u00fcrdigung der Gesamtumst\u00e4nde  der \u00a7313 StGB (Herbeif\u00fchren einer \u00dcberschwemmung) als m\u00f6glicher Tatbestand (kann auch fahrl\u00e4ssig ver\u00fcbt werden) in Betracht kommen.<\/p>\n\n\n\n<p class=\"has-drop-cap\"> <strong>Akteneinsicht Feuerwehr<\/strong> <strong>Nachgang\/ Update, 11.03.2022<\/strong> <\/p>\n\n\n\n<p>Am gestrigen Tag konnte ich bei der Feuerwache Eschweiler das Einsatzprotokoll des Leitstellenrechners einsehen. Die Einsatzdokumentation umfasste 3 DIN A4 Seiten, die mir vorgelegt wurden. Da der zust\u00e4ndige freundliche Sachbearbeiter nicht wusste, ob er mir den Ausdruck zur Mitnahme aush\u00e4ndigen durfte, fertigte ich eine Abschrift an.<\/p>\n\n\n\n<p>Fakt ist demnach, dass bereits seit den fr\u00fchen Mittagsstunden die Feuerwehr Eschweiler mit Sicherungsma\u00dfnahmen an dem o.a. Angelteich betraut war und das mit anschwellenden hohen Personal- und Materialeinsatz. Noch am sp\u00e4ten Abend wurde das THW mit in den Einsatz eingebunden und es wurden Sands\u00e4cke nachgeordert.<\/p>\n\n\n\n<p>Warum dann trotz allem keine Benachrichtigung\/Alarmierung der gef\u00e4hrdeten Anlieger erfolgte, geht aus dem mir vorgelegten Material nicht hervor.<\/p>\n\n\n\n<p>Die Einsicht des Einsatzprotokolls wirft weitere Fragestellungen und Ermittlungsans\u00e4tze auf, denen ich nachgehen werde.<\/p>\n\n\n\n<blockquote class=\"wp-block-quote is-layout-flow wp-block-quote-is-layout-flow\">\n<p>Aber dem  von der Wehrf\u00fchrung gepflegten Narrativ, alles richtig gemacht zu haben, muss ich nun entschieden widersprechen. <\/p>\n<\/blockquote>\n\n\n\n<p>Auch konnte ich am gestrigen Tag an einen Pressetermin mit Herrn R\u00f6chter von der Lokalredaktion der AZ\/AN in der Vogesenstra\u00dfe und am R\u00fcckhaltebecken Eifelstra\u00dfe teilnehmen.<\/p>\n\n\n\n<p>Hier konnte ich Herrn R\u00f6chter meine Sicht auf die Ereignisse und meine Motivation um Sachverhaltsaufkl\u00e4rung darlegen. Ich hoffe hier auf eine positive Berichterstattung durch die Tageszeitung.<\/p>\n\n\n\n<p class=\"has-drop-cap\"><strong>Berichterstattung der Zeitung, Reaktion der Stadt Eschweiler und des WVER<\/strong>, Update 19.03.2022<\/p>\n\n\n\n<figure class=\"wp-block-image size-large\"><img loading=\"lazy\" decoding=\"async\" width=\"1024\" height=\"951\" src=\"https:\/\/waldonline.eu\/wp-content\/uploads\/2022\/03\/zeitung-1024x951.jpg\" alt=\"\" class=\"wp-image-166\" srcset=\"https:\/\/waldonline.eu\/wp-content\/uploads\/2022\/03\/zeitung-1024x951.jpg 1024w, https:\/\/waldonline.eu\/wp-content\/uploads\/2022\/03\/zeitung-300x279.jpg 300w, https:\/\/waldonline.eu\/wp-content\/uploads\/2022\/03\/zeitung-768x713.jpg 768w, https:\/\/waldonline.eu\/wp-content\/uploads\/2022\/03\/zeitung-1200x1115.jpg 1200w, https:\/\/waldonline.eu\/wp-content\/uploads\/2022\/03\/zeitung.jpg 1280w\" sizes=\"auto, (max-width: 1024px) 100vw, 1024px\" \/><\/figure>\n\n\n\n<p>Heute erschien die Berichterstattung des Lokalredakteurs Herrn R\u00f6chter im Lokalteil  der Eschweiler Zeitung\/ der Eschweiler Nachrichten. Ich m\u00f6chte mich f\u00fcr die positive Berichterstattung bedanken. <\/p>\n\n\n\n<p>Gegen\u00fcber der Zeitungsredaktion bezog nun auch der WVER Stellung zum Vorfall. Der WVER r\u00e4umt jetzt anders als wie mir gegen\u00fcber behauptet inzwischen ein, dass in der Tat am 14.07.2021 Mitarbeiter des WVER vor Ort waren. Laut Aussage des Pressesprechers des WVER, Herr Seiler, waren von 21:30 Uhr \u2013 07:00 Uhr Mitarbeitende kontinuierlich am Becken Eifelstra\u00dfe, da dies zur Erf\u00fcllung der Aufgaben des Verbands geh\u00f6rt. Herr Seiler versucht auch das Kunstst\u00fcckchen, mich in ein unglaubw\u00fcrdiges Licht zu r\u00fccken und gibt an, dass nie bestritten wurde, dass ein Schieber am Angelbecken der Gressenicher M\u00fchle g\u00f6ffnet wurde, da das nicht in der Zust\u00e4ndigkeit des WVER liegt. Gleichwohl r\u00e4umt er ein, dass an besagten Fischteich der Gressenicher M\u00fchle eine Adhoc Sicherung durch den WVER durchgef\u00fchrt wurde, um ein Austreten des Wassers in den Omerbach zu verhindern. Herr Seiler schiebt dann den \u201eschwarzen Peter\u201c, warum die Anwohner nicht benachrichtigt wurden, in Richtung St\u00e4dteregion. Hier w\u00fcrden im Krisenstab die Warnungen der Institutionen zusammenlaufen und dort w\u00fcrden dann Ma\u00dfnahmen koordiniert. Diese Ausf\u00fchrungen sind schon eine \u201eFrechheit\u201c und an Arroganz nicht zu schlagen. Da fuhrwerken in der Flutnacht Mitarbeiter des WVER an besagten Fischbecken, am Regenr\u00fcckhaltebecken und warnen nicht die Nachbarn, weil sie die \u201eMeldekette\u201c einhalten m\u00fcssen. Mal abgesehen davon sagt Herr Seiler nicht, ob eine Meldung vom Wasserverband an den Krisenstab erfolgt ist. Das lie\u00dfe sich ja auch leicht \u00fcberpr\u00fcfen. Ich wei\u00df auch nicht, warum Herr Seiler etwas zum Schieber am Fischbecken sagt. Laut Feuerwehr wurde aus dem Becken in den Bach umgepumpt. Von einem Schieber am Fischbecken war bisher nie die Rede. Und im \u00dcbrigen bezog sich meine Fragestellung auf die Schieber der Regenr\u00fcckhaltebecken. Hierzu bezog der Sprecher des WVER keine Stellung. Stattdessen hat er ordentlich Gefechtsqualm (Fog of War) erzeugt, den der geneigte Leser aber schnell als solchen identifizieren kann. Aufschlussreich war aber, dass der WVER angeblich den Teichbesitzer aufforderte sie Sicherheit an seinen Teich wiederherzustellen. Mir gegen\u00fcber hatte der Wasserverband noch angegeben, dass man nicht wissen w\u00fcrde, wer Inhaber des Gew\u00e4ssers ist.<\/p>\n\n\n\n<p>Lustig und ein wenig verwunderlich ist die Reaktion des Stadtsprechers Ren\u00e9 Costantini auf die Recherchen der Lokalredaktion. Trefflich hat er festgestellt, dass meine Homepage eine private Homepage ist (Echt jetzt!) und nur meine privaten Eindr\u00fccke und Schilderungen wiedergibt. Meine Schilderungen w\u00e4ren ja auch zeitlich \u00fcberholt, da eine Einsicht in den Unterlagen (3 DIN A4 Seiten) bei der Feuerwehr bereits stattgefunden hat. Was Ren\u00e9 Costantini, den ich eigentlich gut leiden kann, mit seinen Angaben bezweckt, ist mir nicht ganz klar. Will er meine Schilderungen in das Reich von M\u00e4rchen und Fabeln r\u00fccken? Vielleicht waren ja hier auch die sagenhaften Hastenrather Killewittchen am Werke. Andererseits zeigt es ja auch, dass meine Seite bei der Stadt schon bekannt ist, aber nicht regelm\u00e4\u00dfig gelesen wird. Denn das Update vom 11.03.2022, in dem die Akteneinsicht thematisiert wurde, verschweigt der Stadtsprecher und behauptet, dass der Bericht auf meiner Homepage veraltet ist. Zur Sachlage und wie sich die Stadt Eschweiler in der Sache positioniert, sagt er nichts. Das ist leider bezeichnend f\u00fcr den bisher erlebten Stil der Stadtverwaltung und der Verwaltungsspitze. <\/p>\n\n\n\n<p>Die Recherchen der Presse haben mehr erreicht, als ich erhofft habe und er\u00f6ffnen ein Feld f\u00fcr weitergehende Ermittlungen. Es wird Nachberichtet.<\/p>\n\n\n\n<figure class=\"wp-block-gallery has-nested-images columns-default is-cropped wp-block-gallery-1 is-layout-flex wp-block-gallery-is-layout-flex\">\n<figure class=\"wp-block-image size-large\"><img loading=\"lazy\" decoding=\"async\" width=\"1024\" height=\"768\" data-id=\"120\" src=\"https:\/\/waldonline.eu\/wp-content\/uploads\/2022\/02\/PXL_20210714_174050208.MP_-1024x768.jpg\" alt=\"\" class=\"wp-image-120\" srcset=\"https:\/\/waldonline.eu\/wp-content\/uploads\/2022\/02\/PXL_20210714_174050208.MP_-1024x768.jpg 1024w, https:\/\/waldonline.eu\/wp-content\/uploads\/2022\/02\/PXL_20210714_174050208.MP_-300x225.jpg 300w, https:\/\/waldonline.eu\/wp-content\/uploads\/2022\/02\/PXL_20210714_174050208.MP_-768x576.jpg 768w, https:\/\/waldonline.eu\/wp-content\/uploads\/2022\/02\/PXL_20210714_174050208.MP_-1536x1152.jpg 1536w, https:\/\/waldonline.eu\/wp-content\/uploads\/2022\/02\/PXL_20210714_174050208.MP_-2048x1536.jpg 2048w, https:\/\/waldonline.eu\/wp-content\/uploads\/2022\/02\/PXL_20210714_174050208.MP_-1200x900.jpg 1200w\" sizes=\"auto, (max-width: 1024px) 100vw, 1024px\" \/><\/figure>\n\n\n\n<figure class=\"wp-block-image size-large\"><img loading=\"lazy\" decoding=\"async\" width=\"1024\" height=\"768\" data-id=\"121\" src=\"https:\/\/waldonline.eu\/wp-content\/uploads\/2022\/02\/PXL_20210714_214331480-1024x768.jpg\" alt=\"\" class=\"wp-image-121\" srcset=\"https:\/\/waldonline.eu\/wp-content\/uploads\/2022\/02\/PXL_20210714_214331480-1024x768.jpg 1024w, https:\/\/waldonline.eu\/wp-content\/uploads\/2022\/02\/PXL_20210714_214331480-300x225.jpg 300w, https:\/\/waldonline.eu\/wp-content\/uploads\/2022\/02\/PXL_20210714_214331480-768x576.jpg 768w, https:\/\/waldonline.eu\/wp-content\/uploads\/2022\/02\/PXL_20210714_214331480-1536x1152.jpg 1536w, https:\/\/waldonline.eu\/wp-content\/uploads\/2022\/02\/PXL_20210714_214331480-2048x1536.jpg 2048w, https:\/\/waldonline.eu\/wp-content\/uploads\/2022\/02\/PXL_20210714_214331480-1200x900.jpg 1200w\" sizes=\"auto, (max-width: 1024px) 100vw, 1024px\" \/><\/figure>\n\n\n\n<figure class=\"wp-block-image size-large\"><img loading=\"lazy\" decoding=\"async\" width=\"1024\" height=\"768\" data-id=\"122\" src=\"https:\/\/waldonline.eu\/wp-content\/uploads\/2022\/02\/PXL_20210714_215133840-1024x768.jpg\" alt=\"\" class=\"wp-image-122\" srcset=\"https:\/\/waldonline.eu\/wp-content\/uploads\/2022\/02\/PXL_20210714_215133840-1024x768.jpg 1024w, https:\/\/waldonline.eu\/wp-content\/uploads\/2022\/02\/PXL_20210714_215133840-300x225.jpg 300w, https:\/\/waldonline.eu\/wp-content\/uploads\/2022\/02\/PXL_20210714_215133840-768x576.jpg 768w, https:\/\/waldonline.eu\/wp-content\/uploads\/2022\/02\/PXL_20210714_215133840-1536x1152.jpg 1536w, https:\/\/waldonline.eu\/wp-content\/uploads\/2022\/02\/PXL_20210714_215133840-2048x1536.jpg 2048w, https:\/\/waldonline.eu\/wp-content\/uploads\/2022\/02\/PXL_20210714_215133840-1200x900.jpg 1200w\" sizes=\"auto, (max-width: 1024px) 100vw, 1024px\" \/><\/figure>\n\n\n\n<figure class=\"wp-block-image size-large\"><img loading=\"lazy\" decoding=\"async\" width=\"1024\" height=\"768\" data-id=\"123\" src=\"https:\/\/waldonline.eu\/wp-content\/uploads\/2022\/02\/PXL_20210714_215140087-1-1024x768.jpg\" alt=\"\" class=\"wp-image-123\" srcset=\"https:\/\/waldonline.eu\/wp-content\/uploads\/2022\/02\/PXL_20210714_215140087-1-1024x768.jpg 1024w, https:\/\/waldonline.eu\/wp-content\/uploads\/2022\/02\/PXL_20210714_215140087-1-300x225.jpg 300w, https:\/\/waldonline.eu\/wp-content\/uploads\/2022\/02\/PXL_20210714_215140087-1-768x576.jpg 768w, https:\/\/waldonline.eu\/wp-content\/uploads\/2022\/02\/PXL_20210714_215140087-1-1536x1152.jpg 1536w, https:\/\/waldonline.eu\/wp-content\/uploads\/2022\/02\/PXL_20210714_215140087-1-2048x1536.jpg 2048w, https:\/\/waldonline.eu\/wp-content\/uploads\/2022\/02\/PXL_20210714_215140087-1-1200x900.jpg 1200w\" sizes=\"auto, (max-width: 1024px) 100vw, 1024px\" \/><\/figure>\n\n\n\n<figure class=\"wp-block-image size-large\"><img loading=\"lazy\" decoding=\"async\" width=\"1024\" height=\"768\" data-id=\"124\" src=\"https:\/\/waldonline.eu\/wp-content\/uploads\/2022\/02\/PXL_20210714_215148821-1-1024x768.jpg\" alt=\"\" class=\"wp-image-124\" srcset=\"https:\/\/waldonline.eu\/wp-content\/uploads\/2022\/02\/PXL_20210714_215148821-1-1024x768.jpg 1024w, https:\/\/waldonline.eu\/wp-content\/uploads\/2022\/02\/PXL_20210714_215148821-1-300x225.jpg 300w, https:\/\/waldonline.eu\/wp-content\/uploads\/2022\/02\/PXL_20210714_215148821-1-768x576.jpg 768w, https:\/\/waldonline.eu\/wp-content\/uploads\/2022\/02\/PXL_20210714_215148821-1-1536x1152.jpg 1536w, https:\/\/waldonline.eu\/wp-content\/uploads\/2022\/02\/PXL_20210714_215148821-1-2048x1536.jpg 2048w, https:\/\/waldonline.eu\/wp-content\/uploads\/2022\/02\/PXL_20210714_215148821-1-1200x900.jpg 1200w\" sizes=\"auto, (max-width: 1024px) 100vw, 1024px\" \/><\/figure>\n\n\n\n<figure class=\"wp-block-image size-large\"><img loading=\"lazy\" decoding=\"async\" width=\"1024\" height=\"768\" data-id=\"125\" src=\"https:\/\/waldonline.eu\/wp-content\/uploads\/2022\/02\/PXL_20210714_225603997-1024x768.jpg\" alt=\"\" class=\"wp-image-125\" srcset=\"https:\/\/waldonline.eu\/wp-content\/uploads\/2022\/02\/PXL_20210714_225603997-1024x768.jpg 1024w, https:\/\/waldonline.eu\/wp-content\/uploads\/2022\/02\/PXL_20210714_225603997-300x225.jpg 300w, https:\/\/waldonline.eu\/wp-content\/uploads\/2022\/02\/PXL_20210714_225603997-768x576.jpg 768w, https:\/\/waldonline.eu\/wp-content\/uploads\/2022\/02\/PXL_20210714_225603997-1536x1152.jpg 1536w, https:\/\/waldonline.eu\/wp-content\/uploads\/2022\/02\/PXL_20210714_225603997-2048x1536.jpg 2048w, https:\/\/waldonline.eu\/wp-content\/uploads\/2022\/02\/PXL_20210714_225603997-1200x900.jpg 1200w\" sizes=\"auto, (max-width: 1024px) 100vw, 1024px\" \/><\/figure>\n\n\n\n<figure class=\"wp-block-image size-large\"><img loading=\"lazy\" decoding=\"async\" width=\"1024\" height=\"768\" data-id=\"126\" src=\"https:\/\/waldonline.eu\/wp-content\/uploads\/2022\/02\/PXL_20210714_232718340-1024x768.jpg\" alt=\"\" class=\"wp-image-126\" srcset=\"https:\/\/waldonline.eu\/wp-content\/uploads\/2022\/02\/PXL_20210714_232718340-1024x768.jpg 1024w, https:\/\/waldonline.eu\/wp-content\/uploads\/2022\/02\/PXL_20210714_232718340-300x225.jpg 300w, https:\/\/waldonline.eu\/wp-content\/uploads\/2022\/02\/PXL_20210714_232718340-768x576.jpg 768w, https:\/\/waldonline.eu\/wp-content\/uploads\/2022\/02\/PXL_20210714_232718340-1536x1152.jpg 1536w, https:\/\/waldonline.eu\/wp-content\/uploads\/2022\/02\/PXL_20210714_232718340-2048x1536.jpg 2048w, https:\/\/waldonline.eu\/wp-content\/uploads\/2022\/02\/PXL_20210714_232718340-1200x900.jpg 1200w\" sizes=\"auto, (max-width: 1024px) 100vw, 1024px\" \/><\/figure>\n\n\n\n<figure class=\"wp-block-image size-large\"><img loading=\"lazy\" decoding=\"async\" width=\"1024\" height=\"768\" data-id=\"127\" src=\"https:\/\/waldonline.eu\/wp-content\/uploads\/2022\/02\/PXL_20210714_234134679-1024x768.jpg\" alt=\"\" class=\"wp-image-127\" srcset=\"https:\/\/waldonline.eu\/wp-content\/uploads\/2022\/02\/PXL_20210714_234134679-1024x768.jpg 1024w, https:\/\/waldonline.eu\/wp-content\/uploads\/2022\/02\/PXL_20210714_234134679-300x225.jpg 300w, https:\/\/waldonline.eu\/wp-content\/uploads\/2022\/02\/PXL_20210714_234134679-768x576.jpg 768w, https:\/\/waldonline.eu\/wp-content\/uploads\/2022\/02\/PXL_20210714_234134679-1536x1152.jpg 1536w, https:\/\/waldonline.eu\/wp-content\/uploads\/2022\/02\/PXL_20210714_234134679-2048x1536.jpg 2048w, https:\/\/waldonline.eu\/wp-content\/uploads\/2022\/02\/PXL_20210714_234134679-1200x900.jpg 1200w\" sizes=\"auto, (max-width: 1024px) 100vw, 1024px\" \/><\/figure>\n\n\n\n<figure class=\"wp-block-image size-large\"><img loading=\"lazy\" decoding=\"async\" width=\"768\" height=\"1024\" data-id=\"128\" src=\"https:\/\/waldonline.eu\/wp-content\/uploads\/2022\/02\/PXL_20210714_234916518-768x1024.jpg\" alt=\"\" class=\"wp-image-128\" srcset=\"https:\/\/waldonline.eu\/wp-content\/uploads\/2022\/02\/PXL_20210714_234916518-768x1024.jpg 768w, https:\/\/waldonline.eu\/wp-content\/uploads\/2022\/02\/PXL_20210714_234916518-225x300.jpg 225w, https:\/\/waldonline.eu\/wp-content\/uploads\/2022\/02\/PXL_20210714_234916518-1152x1536.jpg 1152w, https:\/\/waldonline.eu\/wp-content\/uploads\/2022\/02\/PXL_20210714_234916518-1536x2048.jpg 1536w, https:\/\/waldonline.eu\/wp-content\/uploads\/2022\/02\/PXL_20210714_234916518-1200x1600.jpg 1200w, https:\/\/waldonline.eu\/wp-content\/uploads\/2022\/02\/PXL_20210714_234916518-scaled.jpg 1920w\" sizes=\"auto, (max-width: 768px) 100vw, 768px\" \/><\/figure>\n\n\n\n<figure class=\"wp-block-image size-large\"><img loading=\"lazy\" decoding=\"async\" width=\"1024\" height=\"768\" data-id=\"129\" src=\"https:\/\/waldonline.eu\/wp-content\/uploads\/2022\/02\/PXL_20210714_234923415-1024x768.jpg\" alt=\"\" class=\"wp-image-129\" srcset=\"https:\/\/waldonline.eu\/wp-content\/uploads\/2022\/02\/PXL_20210714_234923415-1024x768.jpg 1024w, https:\/\/waldonline.eu\/wp-content\/uploads\/2022\/02\/PXL_20210714_234923415-300x225.jpg 300w, https:\/\/waldonline.eu\/wp-content\/uploads\/2022\/02\/PXL_20210714_234923415-768x576.jpg 768w, https:\/\/waldonline.eu\/wp-content\/uploads\/2022\/02\/PXL_20210714_234923415-1536x1152.jpg 1536w, https:\/\/waldonline.eu\/wp-content\/uploads\/2022\/02\/PXL_20210714_234923415-2048x1536.jpg 2048w, https:\/\/waldonline.eu\/wp-content\/uploads\/2022\/02\/PXL_20210714_234923415-1200x900.jpg 1200w\" sizes=\"auto, (max-width: 1024px) 100vw, 1024px\" \/><\/figure>\n<figcaption class=\"blocks-gallery-caption wp-element-caption\">Bilder aus der Flutnacht<\/figcaption><\/figure>\n\n\n\n<figure class=\"wp-block-gallery has-nested-images columns-default is-cropped wp-block-gallery-2 is-layout-flex wp-block-gallery-is-layout-flex\">\n<figure class=\"wp-block-image size-large\"><img loading=\"lazy\" decoding=\"async\" width=\"768\" height=\"1024\" data-id=\"130\" src=\"https:\/\/waldonline.eu\/wp-content\/uploads\/2022\/02\/PXL_20210715_085056130-768x1024.jpg\" alt=\"\" class=\"wp-image-130\" srcset=\"https:\/\/waldonline.eu\/wp-content\/uploads\/2022\/02\/PXL_20210715_085056130-768x1024.jpg 768w, https:\/\/waldonline.eu\/wp-content\/uploads\/2022\/02\/PXL_20210715_085056130-225x300.jpg 225w, https:\/\/waldonline.eu\/wp-content\/uploads\/2022\/02\/PXL_20210715_085056130-1152x1536.jpg 1152w, https:\/\/waldonline.eu\/wp-content\/uploads\/2022\/02\/PXL_20210715_085056130-1536x2048.jpg 1536w, https:\/\/waldonline.eu\/wp-content\/uploads\/2022\/02\/PXL_20210715_085056130-1200x1600.jpg 1200w, https:\/\/waldonline.eu\/wp-content\/uploads\/2022\/02\/PXL_20210715_085056130-scaled.jpg 1920w\" sizes=\"auto, (max-width: 768px) 100vw, 768px\" \/><\/figure>\n\n\n\n<figure class=\"wp-block-image size-large\"><img loading=\"lazy\" decoding=\"async\" width=\"768\" height=\"1024\" data-id=\"131\" src=\"https:\/\/waldonline.eu\/wp-content\/uploads\/2022\/02\/PXL_20210715_085107839-768x1024.jpg\" alt=\"\" class=\"wp-image-131\" srcset=\"https:\/\/waldonline.eu\/wp-content\/uploads\/2022\/02\/PXL_20210715_085107839-768x1024.jpg 768w, https:\/\/waldonline.eu\/wp-content\/uploads\/2022\/02\/PXL_20210715_085107839-225x300.jpg 225w, https:\/\/waldonline.eu\/wp-content\/uploads\/2022\/02\/PXL_20210715_085107839-1152x1536.jpg 1152w, https:\/\/waldonline.eu\/wp-content\/uploads\/2022\/02\/PXL_20210715_085107839-1536x2048.jpg 1536w, https:\/\/waldonline.eu\/wp-content\/uploads\/2022\/02\/PXL_20210715_085107839-1200x1600.jpg 1200w, https:\/\/waldonline.eu\/wp-content\/uploads\/2022\/02\/PXL_20210715_085107839-scaled.jpg 1920w\" sizes=\"auto, (max-width: 768px) 100vw, 768px\" \/><\/figure>\n\n\n\n<figure class=\"wp-block-image size-large\"><img loading=\"lazy\" decoding=\"async\" width=\"1024\" height=\"768\" data-id=\"132\" src=\"https:\/\/waldonline.eu\/wp-content\/uploads\/2022\/02\/PXL_20210715_105352530.MP_-1024x768.jpg\" alt=\"\" class=\"wp-image-132\" srcset=\"https:\/\/waldonline.eu\/wp-content\/uploads\/2022\/02\/PXL_20210715_105352530.MP_-1024x768.jpg 1024w, https:\/\/waldonline.eu\/wp-content\/uploads\/2022\/02\/PXL_20210715_105352530.MP_-300x225.jpg 300w, https:\/\/waldonline.eu\/wp-content\/uploads\/2022\/02\/PXL_20210715_105352530.MP_-768x576.jpg 768w, https:\/\/waldonline.eu\/wp-content\/uploads\/2022\/02\/PXL_20210715_105352530.MP_-1536x1152.jpg 1536w, https:\/\/waldonline.eu\/wp-content\/uploads\/2022\/02\/PXL_20210715_105352530.MP_-2048x1536.jpg 2048w, https:\/\/waldonline.eu\/wp-content\/uploads\/2022\/02\/PXL_20210715_105352530.MP_-1200x900.jpg 1200w\" sizes=\"auto, (max-width: 1024px) 100vw, 1024px\" \/><\/figure>\n\n\n\n<figure class=\"wp-block-image size-large\"><img loading=\"lazy\" decoding=\"async\" width=\"768\" height=\"1024\" data-id=\"133\" src=\"https:\/\/waldonline.eu\/wp-content\/uploads\/2022\/02\/PXL_20210717_081329346.MP_-768x1024.jpg\" alt=\"\" class=\"wp-image-133\" srcset=\"https:\/\/waldonline.eu\/wp-content\/uploads\/2022\/02\/PXL_20210717_081329346.MP_-768x1024.jpg 768w, https:\/\/waldonline.eu\/wp-content\/uploads\/2022\/02\/PXL_20210717_081329346.MP_-225x300.jpg 225w, https:\/\/waldonline.eu\/wp-content\/uploads\/2022\/02\/PXL_20210717_081329346.MP_-1152x1536.jpg 1152w, https:\/\/waldonline.eu\/wp-content\/uploads\/2022\/02\/PXL_20210717_081329346.MP_-1536x2048.jpg 1536w, https:\/\/waldonline.eu\/wp-content\/uploads\/2022\/02\/PXL_20210717_081329346.MP_-1200x1600.jpg 1200w, https:\/\/waldonline.eu\/wp-content\/uploads\/2022\/02\/PXL_20210717_081329346.MP_-scaled.jpg 1920w\" sizes=\"auto, (max-width: 768px) 100vw, 768px\" \/><\/figure>\n\n\n\n<figure class=\"wp-block-image size-large\"><img loading=\"lazy\" decoding=\"async\" width=\"1024\" height=\"768\" data-id=\"134\" src=\"https:\/\/waldonline.eu\/wp-content\/uploads\/2022\/02\/PXL_20210717_084158107-1024x768.jpg\" alt=\"\" class=\"wp-image-134\" srcset=\"https:\/\/waldonline.eu\/wp-content\/uploads\/2022\/02\/PXL_20210717_084158107-1024x768.jpg 1024w, https:\/\/waldonline.eu\/wp-content\/uploads\/2022\/02\/PXL_20210717_084158107-300x225.jpg 300w, https:\/\/waldonline.eu\/wp-content\/uploads\/2022\/02\/PXL_20210717_084158107-768x576.jpg 768w, https:\/\/waldonline.eu\/wp-content\/uploads\/2022\/02\/PXL_20210717_084158107-1536x1152.jpg 1536w, https:\/\/waldonline.eu\/wp-content\/uploads\/2022\/02\/PXL_20210717_084158107-2048x1536.jpg 2048w, https:\/\/waldonline.eu\/wp-content\/uploads\/2022\/02\/PXL_20210717_084158107-1200x900.jpg 1200w\" sizes=\"auto, (max-width: 1024px) 100vw, 1024px\" \/><\/figure>\n\n\n\n<figure class=\"wp-block-image size-large\"><img loading=\"lazy\" decoding=\"async\" width=\"1024\" height=\"768\" data-id=\"135\" src=\"https:\/\/waldonline.eu\/wp-content\/uploads\/2022\/02\/PXL_20210717_153928310-1024x768.jpg\" alt=\"\" class=\"wp-image-135\" srcset=\"https:\/\/waldonline.eu\/wp-content\/uploads\/2022\/02\/PXL_20210717_153928310-1024x768.jpg 1024w, https:\/\/waldonline.eu\/wp-content\/uploads\/2022\/02\/PXL_20210717_153928310-300x225.jpg 300w, https:\/\/waldonline.eu\/wp-content\/uploads\/2022\/02\/PXL_20210717_153928310-768x576.jpg 768w, https:\/\/waldonline.eu\/wp-content\/uploads\/2022\/02\/PXL_20210717_153928310-1536x1152.jpg 1536w, https:\/\/waldonline.eu\/wp-content\/uploads\/2022\/02\/PXL_20210717_153928310-2048x1536.jpg 2048w, https:\/\/waldonline.eu\/wp-content\/uploads\/2022\/02\/PXL_20210717_153928310-1200x900.jpg 1200w\" sizes=\"auto, (max-width: 1024px) 100vw, 1024px\" \/><\/figure>\n<figcaption class=\"blocks-gallery-caption wp-element-caption\">Bilder der Aufr\u00e4umarbeiten<\/figcaption><\/figure>\n\n\n\n<p><strong>Nachgang 2023:<\/strong><\/p>\n\n\n\n<p>Brief an die B\u00fcrgermeisterin 27. Juni 2023<\/p>\n\n\n\n<p><strong>Vorbeugender Hochwasserschutz Eschweiler Bergrath\/Nothherg;<br>hier laufende Arbeiten an Gew\u00e4sserfl\u00e4che<\/strong><br>Sehr geehrte Frau B\u00fcrgermeisterin Leonhardt!<br>Folgendes Anliegen m\u00f6chte ich an Sie und lhr Haus formulieren.<br>Klarstellen m\u00f6chte ich vorab, dass ich dies nicht in einer  kommunalpolitischen Eigenschaft, sondern<br>als pers\u00f6nlich Betroffener tue.<br>Wie lhnen ja bekannt ist, wurden im Rahmen des ,,Jahrhundertflutereignis&#8220; auch Bereiche der Ortsteile Bergrath und Nothberg \u00fcberflutet.<br>Urs\u00e4chlich daf\u00fcr war, dass einer der beiden baulich unzureichenden Angelteiche an der Gressenicher M\u00fchle zum Omerbach hin aufbrach und sich schlagartig in diesen entleerte, was offenbar zur Flutwelle und zum Bruch des Einleitungsbereichs des R\u00fcckhaltebeckens an der Eifelstra\u00dfe f\u00fchrte. Die Flutwelle des Omerbach floss daher an dem Becken vorbei, \u00fcberflutete die Eifelstra\u00dfe und die<br>niedriger Iiegende angrenzende Vogesenstra\u00dfe und Teile der dahinter liegenden Vennstra\u00dfe. Der o.a. Angelteichteich ist der hintere der beiden gro\u00dfen Angelteiche an der historischen M\u00fchle in<br>Richtung Bergrath gesehen. Beide Teiche sind baulich nur durch einen schmalen Damm vom seitlich verlaufenden Omerbach<br>getrennt. Die F\u00fcllh\u00f6he der Teiche (Wasserspiegel) ist in der Regel h\u00f6her als das benachbarte Bachbett. lm Bereich des o.a. Bruchs war dieser Damm vom Omerbach zun\u00e4chst \u00fcbergelaufen was dann zum Bruch f\u00fchrte.<br>Durch den Wasserverband Eifel Rur waren im direkten Anschluss Reparaturarbeiten am Angelbecken, wie z.B. die Erneuerung des \u00dcberlaufs und Auff\u00fcllung der Bruchstelle durchgef\u00fchrt<br>worden. Diese wurden nicht mit den Betroffenen kommuniziert, wie auch sonst der WVER hier eine sehr fragw\u00fcrdige Position hinsichtlich der Betroffenenkommunikation einnimmt. Erst auf<br>ausdr\u00fcckliche Nachfrage r\u00e4umte man ein, dass die Ma\u00dfnahme im Zuge einer Ersatzvornahme geschehen sind.<br>lm Rahmen einer Ortsbegehung fiel mir bereits vor einigen Wochen auf, dass das havarierte Becken komplett abgelassen worden ist.<br>Dabei kam auch eine gut erhaltene Br\u00fccke zum Vorschein. Hierbei handelt es sich um eine urspr\u00fcnglich \u00fcber den Omerbach f\u00fchrende B\u00fccke aus Feldbrandstein, die den urspr\u00fcnglichen (und wahrscheinlich auch Hochwasserresilienten) Verlauf des Bachbetts anzeigt.<br>Nun konnte ich feststellen, dass im Bereich des havarierten Beckens umfangreiche Tiefbauarbeiten durchgef\u00fchrt werden. Erkennbar ist auch eine Vertiefung des Gew\u00e4ssers, was zu einer noch h\u00f6heren<br>Wasserf\u00fcllmenge f\u00fchrt. Es stellt sich f\u00fcr mich und die von der Flut Betroffenen Anwohner die Frage, inwiefern die Stadt<br>Eschweiler \u00fcber die Bauarbeiten informiert ist und ob diese einer Genehmigung unterliegen. lm Falle einer von ihrem Haus erteilten Genehmigung w\u00e4re es sch\u00f6n zu erfahren, ob und wie dem<br>Hochwasserschutz bei dieser Bauma\u00dfnahme Rechnung getragen wird.<br>Ferner bitte ich um Begutachtung der nun freiliegenden Br\u00fccke und Pr\u00fcfung hinsichtlich dessen, ob es sich hier nicht um ein Boden-\/ Baudenkmal handelt., das gesichert werden muss.<br>lhrer Antwort sehe ich mit lnteresse entgegen.<br>Der Versand des Schreibens erfolgt mittels E-Mail-Versand. Fotos der Bauarbeiten am Becken werden mit\u00fcbersandt. <\/p>\n\n\n\n<figure class=\"wp-block-gallery has-nested-images columns-default is-cropped wp-block-gallery-3 is-layout-flex wp-block-gallery-is-layout-flex\">\n<figure class=\"wp-block-image size-full is-style-rounded\"><img loading=\"lazy\" decoding=\"async\" width=\"302\" height=\"403\" data-id=\"179\" src=\"https:\/\/waldonline.eu\/wp-content\/uploads\/2023\/07\/resize-rotated.jpg\" alt=\"\" class=\"wp-image-179\" srcset=\"https:\/\/waldonline.eu\/wp-content\/uploads\/2023\/07\/resize-rotated.jpg 302w, https:\/\/waldonline.eu\/wp-content\/uploads\/2023\/07\/resize-225x300.jpg 225w\" sizes=\"auto, (max-width: 302px) 100vw, 302px\" \/><\/figure>\n<\/figure>\n\n\n\n<p><strong>03.07.2023<\/strong><\/p>\n\n\n\n<p>Am 03.07.2023 erfolgte die \u00dcbersendung einer Eingangsbest\u00e4tigung der o.a. Mail.<\/p>\n","protected":false},"excerpt":{"rendered":"<p>Die Suche nach Ursachen und der Versuch einer Rekonstruktion Es geht mir nicht darum, vermeintlich Schuldige zu finden, sondern um Aufkl\u00e4rung des Geschehens! Das Hochwasser&#8230;<\/p>\n<div class=\"more-link-wrapper\"><a class=\"more-link\" href=\"https:\/\/waldonline.eu\/?page_id=112\">Weiterlesen<span class=\"screen-reader-text\">Flutkatastrophe Eschweiler-Bergrath 14.07.2021<\/span><\/a><\/div>\n","protected":false},"author":1,"featured_media":0,"parent":0,"menu_order":0,"comment_status":"closed","ping_status":"closed","template":"","meta":{"footnotes":""},"class_list":["post-112","page","type-page","status-publish","hentry","entry"],"_links":{"self":[{"href":"https:\/\/waldonline.eu\/index.php?rest_route=\/wp\/v2\/pages\/112","targetHints":{"allow":["GET"]}}],"collection":[{"href":"https:\/\/waldonline.eu\/index.php?rest_route=\/wp\/v2\/pages"}],"about":[{"href":"https:\/\/waldonline.eu\/index.php?rest_route=\/wp\/v2\/types\/page"}],"author":[{"embeddable":true,"href":"https:\/\/waldonline.eu\/index.php?rest_route=\/wp\/v2\/users\/1"}],"replies":[{"embeddable":true,"href":"https:\/\/waldonline.eu\/index.php?rest_route=%2Fwp%2Fv2%2Fcomments&post=112"}],"version-history":[{"count":16,"href":"https:\/\/waldonline.eu\/index.php?rest_route=\/wp\/v2\/pages\/112\/revisions"}],"predecessor-version":[{"id":180,"href":"https:\/\/waldonline.eu\/index.php?rest_route=\/wp\/v2\/pages\/112\/revisions\/180"}],"wp:attachment":[{"href":"https:\/\/waldonline.eu\/index.php?rest_route=%2Fwp%2Fv2%2Fmedia&parent=112"}],"curies":[{"name":"wp","href":"https:\/\/api.w.org\/{rel}","templated":true}]}}